{"id":14,"date":"2010-09-23T16:14:44","date_gmt":"2010-09-23T16:14:44","guid":{"rendered":"http:\/\/www.heidrun-buecker.de\/?page_id=14"},"modified":"2015-02-24T14:01:11","modified_gmt":"2015-02-24T13:01:11","slug":"presse","status":"publish","type":"page","link":"http:\/\/www.heidrun-buecker.de\/?page_id=14","title":{"rendered":"Presse"},"content":{"rendered":"<p><img loading=\"lazy\" class=\"aligncenter size-large wp-image-664\" style=\"width: 284px; height: 435px;\" alt=\"Coverfoto 1\" src=\"http:\/\/www.heidrun-buecker.de\/wp-content\/uploads\/2012\/06\/Coverfoto-1-682x1024.jpg\" width=\"682\" height=\"1024\" srcset=\"http:\/\/www.heidrun-buecker.de\/wp-content\/uploads\/2012\/06\/Coverfoto-1-682x1024.jpg 682w, http:\/\/www.heidrun-buecker.de\/wp-content\/uploads\/2012\/06\/Coverfoto-1-199x300.jpg 199w, http:\/\/www.heidrun-buecker.de\/wp-content\/uploads\/2012\/06\/Coverfoto-1.jpg 1181w\" sizes=\"(max-width: 682px) 100vw, 682px\" \/><\/p>\n<p>&nbsp;<\/p>\n<p>&nbsp;<\/p>\n<p><img loading=\"lazy\" class=\"alignleft size-medium wp-image-1373\" alt=\"Lesungen 2 001\" src=\"http:\/\/www.heidrun-buecker.de\/wp-content\/uploads\/2010\/09\/Lesungen-2-001-217x300.jpg\" width=\"217\" height=\"300\" srcset=\"http:\/\/www.heidrun-buecker.de\/wp-content\/uploads\/2010\/09\/Lesungen-2-001-217x300.jpg 217w, http:\/\/www.heidrun-buecker.de\/wp-content\/uploads\/2010\/09\/Lesungen-2-001.jpg 447w\" sizes=\"(max-width: 217px) 100vw, 217px\" \/><\/p>\n<p>&nbsp;<\/p>\n<p>&nbsp;<\/p>\n<p>&nbsp;<\/p>\n<p>&nbsp;<\/p>\n<p>&nbsp;<\/p>\n<p>&nbsp;<\/p>\n<p>&nbsp;<\/p>\n<p>&nbsp;<\/p>\n<p>&nbsp;<\/p>\n<p>&nbsp;<\/p>\n<p>Lesung\u00a0 in Dorsten\u00a0\u00a0 &#8211;\u00a0\u00a0 mit Sektempfang<\/p>\n<p>&nbsp;<\/p>\n<p><img loading=\"lazy\" class=\"alignleft size-medium wp-image-1364\" alt=\"Lesungen 001\" src=\"http:\/\/www.heidrun-buecker.de\/wp-content\/uploads\/2010\/09\/Lesungen-001-222x300.jpg\" width=\"222\" height=\"300\" srcset=\"http:\/\/www.heidrun-buecker.de\/wp-content\/uploads\/2010\/09\/Lesungen-001-222x300.jpg 222w, http:\/\/www.heidrun-buecker.de\/wp-content\/uploads\/2010\/09\/Lesungen-001-759x1024.jpg 759w, http:\/\/www.heidrun-buecker.de\/wp-content\/uploads\/2010\/09\/Lesungen-001.jpg 1677w\" sizes=\"(max-width: 222px) 100vw, 222px\" \/><\/p>\n<p>&nbsp;<\/p>\n<p>&nbsp;<\/p>\n<p>&nbsp;<\/p>\n<p>&nbsp;<\/p>\n<p><img loading=\"lazy\" class=\"alignleft size-medium wp-image-1359\" style=\"width: 406px; height: 607px;\" alt=\"19.03.Atrium\" src=\"http:\/\/www.heidrun-buecker.de\/wp-content\/uploads\/2010\/09\/19.03.Atrium-171x300.jpg\" width=\"171\" height=\"300\" srcset=\"http:\/\/www.heidrun-buecker.de\/wp-content\/uploads\/2010\/09\/19.03.Atrium-171x300.jpg 171w, http:\/\/www.heidrun-buecker.de\/wp-content\/uploads\/2010\/09\/19.03.Atrium-586x1024.jpg 586w, http:\/\/www.heidrun-buecker.de\/wp-content\/uploads\/2010\/09\/19.03.Atrium.jpg 1098w\" sizes=\"(max-width: 171px) 100vw, 171px\" \/><\/p>\n<p>&nbsp;<\/p>\n<p>&nbsp;<\/p>\n<p>&nbsp;<\/p>\n<p>&nbsp;<\/p>\n<p>&nbsp;<\/p>\n<p>&nbsp;<\/p>\n<p>&nbsp;<\/p>\n<p>&nbsp;<\/p>\n<p>&nbsp;<\/p>\n<p>&nbsp;<\/p>\n<p>&nbsp;<\/p>\n<p>&nbsp;<\/p>\n<p>&nbsp;<\/p>\n<p>&nbsp;<\/p>\n<p>&nbsp;<\/p>\n<p>&nbsp;<\/p>\n<p>&nbsp;<\/p>\n<p>&nbsp;<\/p>\n<p>&nbsp;<\/p>\n<p>&nbsp;<\/p>\n<p>&nbsp;<\/p>\n<p>&nbsp;<\/p>\n<p>&nbsp;<\/p>\n<p>&nbsp;<\/p>\n<p>Dorstener Zeitung\u00a0 Programm der Frauenkulturtage<\/p>\n<p>Lesung von &#8222;Gnadenlos&#8220;\u00a0 am 19.03. in Dorsten, im Atrium der Lebenshilfe, Hohefeldstr. 43<\/p>\n<p>&nbsp;<\/p>\n<p>&nbsp;<\/p>\n<p><img loading=\"lazy\" class=\"aligncenter size-medium wp-image-1319\" alt=\"Lesung Schermbeck 001\" src=\"http:\/\/www.heidrun-buecker.de\/wp-content\/uploads\/2010\/09\/Lesung-Schermbeck-001-201x300.jpg\" width=\"201\" height=\"300\" srcset=\"http:\/\/www.heidrun-buecker.de\/wp-content\/uploads\/2010\/09\/Lesung-Schermbeck-001-201x300.jpg 201w, http:\/\/www.heidrun-buecker.de\/wp-content\/uploads\/2010\/09\/Lesung-Schermbeck-001-686x1024.jpg 686w, http:\/\/www.heidrun-buecker.de\/wp-content\/uploads\/2010\/09\/Lesung-Schermbeck-001.jpg 1192w\" sizes=\"(max-width: 201px) 100vw, 201px\" \/><\/p>\n<p>&nbsp;<\/p>\n<p>&nbsp;<\/p>\n<p>&nbsp;<\/p>\n<p>&nbsp;<\/p>\n<p>&nbsp;<\/p>\n<p>&nbsp;<\/p>\n<p>Heidrun B\u00fccker<\/p>\n<p><a href=\"http:\/\/www.lokallust.de\">www.lokallust.de<\/a>\u00a0 Ausgabe 1. Februar 2014\u00a0 Dorsten<\/p>\n<p>&nbsp;<\/p>\n<p>&nbsp;<\/p>\n<p>&nbsp;<\/p>\n<p><img loading=\"lazy\" class=\"aligncenter size-large wp-image-1304\" alt=\"Lesung Schermbeck 002\" src=\"http:\/\/www.heidrun-buecker.de\/wp-content\/uploads\/2010\/09\/Lesung-Schermbeck-002-369x1024.jpg\" width=\"369\" height=\"1024\" srcset=\"http:\/\/www.heidrun-buecker.de\/wp-content\/uploads\/2010\/09\/Lesung-Schermbeck-002-369x1024.jpg 369w, http:\/\/www.heidrun-buecker.de\/wp-content\/uploads\/2010\/09\/Lesung-Schermbeck-002-108x300.jpg 108w, http:\/\/www.heidrun-buecker.de\/wp-content\/uploads\/2010\/09\/Lesung-Schermbeck-002.jpg 1266w\" sizes=\"(max-width: 369px) 100vw, 369px\" \/><\/p>\n<p>&nbsp;<\/p>\n<p>&nbsp;<\/p>\n<p>&nbsp;<\/p>\n<p>&nbsp;<\/p>\n<p>&nbsp;<\/p>\n<p>&nbsp;<\/p>\n<p>&nbsp;<\/p>\n<p>&nbsp;<\/p>\n<p>&nbsp;<\/p>\n<p>&nbsp;<\/p>\n<p>&nbsp;<\/p>\n<p><img loading=\"lazy\" class=\"alignleft size-large wp-image-1292\" alt=\"Lesung Euroclub 002\" src=\"http:\/\/www.heidrun-buecker.de\/wp-content\/uploads\/2010\/09\/Lesung-Euroclub-002-826x1024.jpg\" width=\"451\" height=\"677\" \/><\/p>\n<p>&nbsp;<\/p>\n<p>&nbsp;<\/p>\n<p>&nbsp;<\/p>\n<p>&nbsp;<\/p>\n<p>&nbsp;<\/p>\n<p>&nbsp;<\/p>\n<p><img loading=\"lazy\" class=\"alignleft size-large wp-image-1269\" alt=\"Lesung Euroclub Costa Blanca 2\" src=\"http:\/\/www.heidrun-buecker.de\/wp-content\/uploads\/2010\/09\/Lesung-Euroclub-Costa-Blanca-2-624x1024.jpg\" width=\"456\" height=\"737\" \/><\/p>\n<p>&nbsp;<\/p>\n<p>&nbsp;<\/p>\n<p><img loading=\"lazy\" class=\"aligncenter size-large wp-image-1254\" alt=\"img006\" src=\"http:\/\/www.heidrun-buecker.de\/wp-content\/uploads\/2010\/09\/img006-385x1024.jpg\" width=\"385\" height=\"1024\" srcset=\"http:\/\/www.heidrun-buecker.de\/wp-content\/uploads\/2010\/09\/img006-385x1024.jpg 385w, http:\/\/www.heidrun-buecker.de\/wp-content\/uploads\/2010\/09\/img006-113x300.jpg 113w\" sizes=\"(max-width: 385px) 100vw, 385px\" \/><\/p>\n<p>&nbsp;<\/p>\n<p>&nbsp;<\/p>\n<p>&nbsp;<\/p>\n<p>&nbsp;<\/p>\n<p>&nbsp;<\/p>\n<p>&nbsp;<\/p>\n<p>&nbsp;<\/p>\n<p>&nbsp;<\/p>\n<p>&nbsp;<\/p>\n<p>&nbsp;<\/p>\n<p><a href=\"http:\/\/www.heidrun-buecker.de\/wp-content\/uploads\/2010\/09\/Lesung-Baumhaus-001.jpg\"><img loading=\"lazy\" class=\"alignleft size-large wp-image-1225\" alt=\"Lesung Baumhaus 001\" src=\"http:\/\/www.heidrun-buecker.de\/wp-content\/uploads\/2010\/09\/Lesung-Baumhaus-001-221x1024.jpg\" width=\"221\" height=\"1024\" \/><\/a><\/p>\n<p>&nbsp;<\/p>\n<p>&nbsp;<\/p>\n<p>&nbsp;<\/p>\n<p>&nbsp;<\/p>\n<p>&nbsp;<\/p>\n<p>&nbsp;<\/p>\n<p>&nbsp;<\/p>\n<p>&nbsp;<\/p>\n<p>&nbsp;<\/p>\n<p>&nbsp;<\/p>\n<p>&nbsp;<\/p>\n<p>&nbsp;<\/p>\n<p>&nbsp;<\/p>\n<p>&nbsp;<\/p>\n<p>&nbsp;<\/p>\n<p><a href=\"http:\/\/www.heidrun-buecker.de\/wp-content\/uploads\/2010\/09\/1390594_574451615924077_902718784_n1.jpg\"><img loading=\"lazy\" class=\"aligncenter size-full wp-image-1213\" alt=\"1390594_574451615924077_902718784_n[1]\" src=\"http:\/\/www.heidrun-buecker.de\/wp-content\/uploads\/2010\/09\/1390594_574451615924077_902718784_n1.jpg\" width=\"428\" height=\"395\" srcset=\"http:\/\/www.heidrun-buecker.de\/wp-content\/uploads\/2010\/09\/1390594_574451615924077_902718784_n1.jpg 428w, http:\/\/www.heidrun-buecker.de\/wp-content\/uploads\/2010\/09\/1390594_574451615924077_902718784_n1-300x276.jpg 300w\" sizes=\"(max-width: 428px) 100vw, 428px\" \/><\/a><img loading=\"lazy\" class=\"aligncenter size-medium wp-image-1297\" alt=\"Lesung Schermbeck 3\" src=\"http:\/\/www.heidrun-buecker.de\/wp-content\/uploads\/2010\/09\/Lesung-Schermbeck-3-217x300.jpg\" width=\"217\" height=\"300\" srcset=\"http:\/\/www.heidrun-buecker.de\/wp-content\/uploads\/2010\/09\/Lesung-Schermbeck-3-217x300.jpg 217w, http:\/\/www.heidrun-buecker.de\/wp-content\/uploads\/2010\/09\/Lesung-Schermbeck-3-743x1024.jpg 743w\" sizes=\"(max-width: 217px) 100vw, 217px\" \/><\/p>\n<p><a href=\"https:\/\/www.facebook.com\/BSVFrankfurt?ref=stream\"><b>Buchmarkt Hbf Frankfurt a. M.<\/b><\/a> Warum ich schreibe? Ganz<br \/>\neinfach: Es macht Spa\u00df!<br \/>\n\u201eEs ist eine Sucht, das Schreiben.\u201c Es lag mir schon immer im Blut. Bereits als<br \/>\n14-j\u00e4hrige verfasste ich mein erstes Manuskript, nat\u00fcrlich auf der Schreibmaschine geschrieben, die<br \/>\nich \u00fcbrigens heute noch besitze.\u201c<br \/>\nTeile dieser ersten Gedanken finden sich \u00fcbrigens in meinem dritten, 2010<br \/>\nerschienenen, Thriller<br \/>\n\u201eVerschwunden\u201c wieder.<br \/>\nAnsto\u00df, meine alte Leidenschaft wieder aufzunehmen, gab mir eine berufliche<br \/>\nNiederlage, Betr\u00fcgereien, die wir mit zwei weiteren Architekturb\u00fcros im Ausland, Abu Dhabi,<br \/>\nerleben mussten.<br \/>\nDetails mussten f\u00fcr die Staatsanwaltschaft aufgeschrieben werden. Der Inhalt<br \/>\nerschien mir bei genauer Betrachtung so haarstr\u00e4ubend, dass sie an einen Krimi erinnerten. Den<br \/>\nGedanken griff ich auf.<br \/>\nDaraus wurde mein erstes Buch: \u201eJumping Jack\u201c.<br \/>\nNat\u00fcrlich w\u00fcrzte ich den Inhalt mit einigen spannenden Episoden. Danach packte mich der Drang weiterzuschreiben.<br \/>\nDie nachfolgenden B\u00fccher sind rein fiktiv. Ich baute stets Reiseerlebnisse ein,<br \/>\nbeschrieb Orte, wie Kairo, \u00c4gypten, Abu Dhabi, London, Florida, Marokko und noch einige L\u00e4nder und<br \/>\nSt\u00e4dte mehr, die ich selbst besucht habe, um meinen mystischen Thrillern zus\u00e4tzlich Spannung zu<br \/>\nverleihen.<br \/>\nMeine Ideen gehen nicht aus. Mittlerweile schreibe ich an meinem 7. Buch, mit<br \/>\ndem Arbeitstitel:<br \/>\n\u201eTanz mit dem Teufel\u201c<br \/>\nDas 6. Buch \u201eWenn der Morgen kommt\u201c erscheint im Dezember.<br \/>\n\u201eEs macht Spa\u00df die B\u00f6sewichte zu jagen, sie umzubringen, mit nicht ganz legalen<br \/>\nMitteln, wohlwissend, ich kann daf\u00fcr nicht bestraft werden.\u201c<br \/>\nJulia hei\u00dft in \u201eSpiel, Satz und Sieg \u2013 f\u00fcr die Dame\u201c und dem nachfolgenden Buch<br \/>\n\u201eDer kalte Hauch der Rache\u201c meine Protagonistin. Sie ist eine starke Frau, die die M\u00f6rder ihrer Familie sucht.<br \/>\nNat\u00fcrlich mit nicht gesetzlichen Mitteln, nat\u00fcrlich am Rande der Legalit\u00e4t,<br \/>\nnat\u00fcrlich raffiniert,<br \/>\nnat\u00fcrlich ist Julia teuflisch gut\u2026.<\/p>\n<p>&nbsp;<\/p>\n<p><a href=\"http:\/\/www.heidrun-buecker.de\/wp-content\/uploads\/2010\/09\/Lesung-Radio-Denia-0011.jpg\"><img loading=\"lazy\" class=\"aligncenter size-large wp-image-1201\" alt=\"Lesung Radio Denia 001\" src=\"http:\/\/www.heidrun-buecker.de\/wp-content\/uploads\/2010\/09\/Lesung-Radio-Denia-0011-359x1024.jpg\" width=\"359\" height=\"1024\" srcset=\"http:\/\/www.heidrun-buecker.de\/wp-content\/uploads\/2010\/09\/Lesung-Radio-Denia-0011-359x1024.jpg 359w, http:\/\/www.heidrun-buecker.de\/wp-content\/uploads\/2010\/09\/Lesung-Radio-Denia-0011-105x300.jpg 105w\" sizes=\"(max-width: 359px) 100vw, 359px\" \/><\/a><img loading=\"lazy\" class=\"alignleft size-medium wp-image-1322\" alt=\"Lesung Schermbeck 002\" src=\"http:\/\/www.heidrun-buecker.de\/wp-content\/uploads\/2010\/09\/Lesung-Schermbeck-0021-217x300.jpg\" width=\"217\" height=\"300\" srcset=\"http:\/\/www.heidrun-buecker.de\/wp-content\/uploads\/2010\/09\/Lesung-Schermbeck-0021-217x300.jpg 217w, http:\/\/www.heidrun-buecker.de\/wp-content\/uploads\/2010\/09\/Lesung-Schermbeck-0021-743x1024.jpg 743w\" sizes=\"(max-width: 217px) 100vw, 217px\" \/><\/p>\n<p>&nbsp;<\/p>\n<p><a href=\"http:\/\/www.heidrun-buecker.de\/wp-content\/uploads\/2010\/09\/Lesung-Radio-Denia-001.jpg\"><img loading=\"lazy\" class=\"alignleft size-large wp-image-1191\" alt=\"Lesung Radio Denia 001\" src=\"http:\/\/www.heidrun-buecker.de\/wp-content\/uploads\/2010\/09\/Lesung-Radio-Denia-001-294x1024.jpg\" width=\"294\" height=\"1024\" srcset=\"http:\/\/www.heidrun-buecker.de\/wp-content\/uploads\/2010\/09\/Lesung-Radio-Denia-001-294x1024.jpg 294w, http:\/\/www.heidrun-buecker.de\/wp-content\/uploads\/2010\/09\/Lesung-Radio-Denia-001-86x300.jpg 86w\" sizes=\"(max-width: 294px) 100vw, 294px\" \/><\/a><\/p>\n<p><a href=\"http:\/\/www.heidrun-buecker.de\/wp-content\/uploads\/2010\/09\/Lesung-Anna-Stift-001.jpg\"><img loading=\"lazy\" class=\"alignleft size-large wp-image-1081\" alt=\"Lesung Anna Stift 001\" src=\"http:\/\/www.heidrun-buecker.de\/wp-content\/uploads\/2010\/09\/Lesung-Anna-Stift-001-637x1024.jpg\" width=\"439\" height=\"717\" \/><\/a><\/p>\n<p>&nbsp;<\/p>\n<p>&nbsp;<\/p>\n<p>&nbsp;<\/p>\n<p>&nbsp;<\/p>\n<p>&nbsp;<\/p>\n<h2><\/h2>\n<h2><\/h2>\n<h2><\/h2>\n<h2><\/h2>\n<h2><\/h2>\n<h2><\/h2>\n<h2><\/h2>\n<h2><\/h2>\n<h2><\/h2>\n<h2><\/h2>\n<h2><\/h2>\n<h2><\/h2>\n<h2><\/h2>\n<h2><\/h2>\n<h2><\/h2>\n<h2><\/h2>\n<h2><\/h2>\n<h2><\/h2>\n<h2><\/h2>\n<h2><strong>Ab sofort sind die B\u00fccher <\/strong><\/h2>\n<h2><strong>&#8222;Spiel, Satz und Sieg &#8211; f\u00fcr die Dame&#8220; und\u00a0 <\/strong><\/h2>\n<h2><strong>&#8222;Der kalte Hauch der Rache&#8220;<\/strong><\/h2>\n<h2>&#8222;Verschwunden&#8220; und &#8222;Go Down&#8220; &#8211; Lauras Rache<\/h2>\n<h2><strong>bei Amazon als E-Book herunterzuladen<\/strong><\/h2>\n<p><strong>Auch als E-Book\u00a0 teuflisch gut<\/strong><\/p>\n<p><a href=\"http:\/\/www.heidrun-buecker.de\/wp-content\/uploads\/2010\/09\/Lesung-in-Dorsten-13.3.13-001.jpg\"><img loading=\"lazy\" class=\"alignleft size-medium wp-image-899\" alt=\"Lesung in Dorsten 13.3.13 001\" src=\"http:\/\/www.heidrun-buecker.de\/wp-content\/uploads\/2010\/09\/Lesung-in-Dorsten-13.3.13-001-235x300.jpg\" width=\"235\" height=\"300\" srcset=\"http:\/\/www.heidrun-buecker.de\/wp-content\/uploads\/2010\/09\/Lesung-in-Dorsten-13.3.13-001-235x300.jpg 235w, http:\/\/www.heidrun-buecker.de\/wp-content\/uploads\/2010\/09\/Lesung-in-Dorsten-13.3.13-001.jpg 800w\" sizes=\"(max-width: 235px) 100vw, 235px\" \/><\/a><\/p>\n<p>&nbsp;<\/p>\n<p>&nbsp;<\/p>\n<p>&nbsp;<\/p>\n<p>&nbsp;<\/p>\n<p>&nbsp;<\/p>\n<p>&nbsp;<\/p>\n<p>&nbsp;<\/p>\n<p>&nbsp;<\/p>\n<p>&nbsp;<\/p>\n<p>Ank\u00fcndigung der Lesung am 13.03.2013 aus der\u00a0 Dorstener Zeitung<\/p>\n<p>vom 06.03.2013<\/p>\n<p>&nbsp;<\/p>\n<p>&nbsp;<\/p>\n<p>Ein weiterer Presseartikel zu dem neuen Buch\u00a0 &#8222;Der kalte Hauch der Rache&#8220;\u00a0 in der D\u00e8nia &#8211; Info :<\/p>\n<p><a href=\"http:\/\/www.denia-info.com\/cms\/index.php?option=com_content&amp;task=view&amp;id=3134&amp;Itemid=90\">http:\/\/www.denia-info.com\/cms\/index.php?option=com_content&amp;task=view&amp;id=3134&amp;Itemid=90<\/a><\/p>\n<p><a href=\"http:\/\/www.heidrun-buecker.de\/wp-content\/uploads\/2010\/09\/Presse-Denia-Der-kalte-Hauch-0011.jpg\"><img loading=\"lazy\" class=\"alignleft  wp-image-790\" alt=\"Presse Denia Der kalte Hauch 001\" src=\"http:\/\/www.heidrun-buecker.de\/wp-content\/uploads\/2010\/09\/Presse-Denia-Der-kalte-Hauch-0011-1024x518.jpg\" width=\"592\" height=\"316\" \/><\/a><\/p>\n<p>Costa Blanca Nachrichten\u00a0 vom 11. Januar 2013<\/p>\n<p>&nbsp;<\/p>\n<p><a href=\"http:\/\/www.heidrun-buecker.de\/wp-content\/uploads\/2010\/09\/presse-der-kalte-Hauch-0011.jpg\"><img loading=\"lazy\" class=\"alignleft  wp-image-780\" title=\"presse der kalte Hauch 001\" alt=\"\" src=\"http:\/\/www.heidrun-buecker.de\/wp-content\/uploads\/2010\/09\/presse-der-kalte-Hauch-0011-360x1024.jpg\" width=\"360\" height=\"1024\" srcset=\"http:\/\/www.heidrun-buecker.de\/wp-content\/uploads\/2010\/09\/presse-der-kalte-Hauch-0011-360x1024.jpg 360w, http:\/\/www.heidrun-buecker.de\/wp-content\/uploads\/2010\/09\/presse-der-kalte-Hauch-0011-105x300.jpg 105w\" sizes=\"(max-width: 360px) 100vw, 360px\" \/><\/a><\/p>\n<p>&nbsp;<\/p>\n<p>&nbsp;<\/p>\n<p>&nbsp;<\/p>\n<p>&nbsp;<\/p>\n<p>&nbsp;<\/p>\n<p>&nbsp;<\/p>\n<p>&nbsp;<\/p>\n<p>&nbsp;<\/p>\n<p>&nbsp;<\/p>\n<p>&nbsp;<\/p>\n<p>&nbsp;<\/p>\n<p>&nbsp;<\/p>\n<p>&nbsp;<\/p>\n<p>&nbsp;<\/p>\n<p>&nbsp;<\/p>\n<p>&nbsp;<\/p>\n<p>&nbsp;<\/p>\n<p>&nbsp;<\/p>\n<p>&nbsp;<\/p>\n<p>&nbsp;<\/p>\n<p>&nbsp;<\/p>\n<p>&nbsp;<\/p>\n<p>&nbsp;<\/p>\n<p>&nbsp;<\/p>\n<p>&nbsp;<\/p>\n<p>&nbsp;<\/p>\n<p>&nbsp;<\/p>\n<p>&nbsp;<\/p>\n<p>&nbsp;<\/p>\n<p><a href=\"http:\/\/www.heidrun-buecker.de\/wp-content\/uploads\/2010\/09\/P1030972.jpg\"><img loading=\"lazy\" class=\"alignleft  wp-image-717\" title=\"P1030972\" alt=\"\" src=\"http:\/\/www.heidrun-buecker.de\/wp-content\/uploads\/2010\/09\/P1030972-300x225.jpg\" width=\"300\" height=\"225\" srcset=\"http:\/\/www.heidrun-buecker.de\/wp-content\/uploads\/2010\/09\/P1030972-300x225.jpg 300w, http:\/\/www.heidrun-buecker.de\/wp-content\/uploads\/2010\/09\/P1030972-1024x768.jpg 1024w\" sizes=\"(max-width: 300px) 100vw, 300px\" \/><\/a><\/p>\n<p>&nbsp;<\/p>\n<p>&nbsp;<\/p>\n<p>&nbsp;<\/p>\n<p>&nbsp;<\/p>\n<p>&nbsp;<\/p>\n<p><strong>Literaturfestival in Merzig<\/strong><\/p>\n<p>&nbsp;<\/p>\n<p><strong>Die Schreibsucht nimmt t\u00e4glich zu Thriller um eine junge Frau und eine mysteri\u00f6se Spezialeinheit<\/strong><\/p>\n<p><em>Von SZ-Mitarbeiterin Sylvie Rauch<\/em><\/p>\n<p>Frau B\u00fccker, wann hat es zum ersten Mal in den Fingern gezuckt? Wann kam der Impuls: Jetzt will ich schreiben? Heidrun B\u00fccker: Meine ersten Versuche zu schreiben datieren weit zur\u00fcck. Ich war damals 14 Jahre, ging noch zur Schule und versuchte es mit einer spannenden Familiengeschichte. Schon damals fand ich es aufregend, zu schreiben <em>(Ver\u00f6ffentlicht am 26.11.2012)<\/em><\/p>\n<p><strong>Fasziniert vom Schreiben: Heidrun B\u00fccker. Die Autorin liest morgen in Merzig.<\/strong><\/p>\n<p>&nbsp;<\/p>\n<p><em>Frau B\u00fccker, wann hat es zum ersten Mal in den Fingern gezuckt? Wann kam der Impuls: Jetzt will ich schreiben?<\/em><\/p>\n<p><strong>Heidrun B\u00fccker:<\/strong> Meine ersten Versuche zu schreiben datieren weit zur\u00fcck. Ich war damals 14 Jahre, ging noch zur Schule und versuchte es mit einer spannenden Familiengeschichte. Schon damals fand ich es aufregend, zu schreiben. Schlussendlich angefangen habe ich aber erst vor sieben Jahren.<\/p>\n<p><em>Sie waren gemeinsam mit Ihrem Mann als Architektin selbstst\u00e4ndig, zogen sich aber vor ein paar Jahren zur\u00fcck, um zu schreiben. Es war schon lange Ihr Wunsch gewesen, aber wie schwer ist der Wechsel in das neue Leben gefallen?<\/em><\/p>\n<p><strong>B\u00fccker:<\/strong> V\u00f6llig zur\u00fcckgezogen habe ich mich immer noch nicht. Ab und an werde ich noch im B\u00fcro gebraucht. Da unsere T\u00f6chter das B\u00fcro fest im Griff haben, ist es meinem Mann und mir leicht gefallen, gemeinsam unterzutauchen und auf Reisen zu gehen. Es ist mir aber nicht schwer gefallen, k\u00fcrzer zu treten, da ich ein Hobby habe, das mir ungeheuren Spa\u00df macht. Ich schreibe gern, mag Lesungen und liebe es, wenn die Zuh\u00f6rer an meinen Lippen h\u00e4ngen. Bislang ist noch niemand w\u00e4hrend einer Lesung eingeschlafen. Ich bereue nur, nicht eher mit diesem Hobby angefangen zu haben.<\/p>\n<p><em>Was ist f\u00fcr Sie der spannendste Moment beim Schreiben? Wenn Ihnen ein unerwartetes Ende gelingt? Oder wenn Sie den ersten beziehungsweise letzten Punkt gemacht haben?<\/em><\/p>\n<p><strong>B\u00fccker:<\/strong> Schwer ist es, einen Anfang zu finden, der so viel Spannung birgt, dass man einfach weiterlesen muss. Oftmals schreibe ich den Beginn eines Thrillers erst, wenn ich fast das Manuskript beendet habe. Sobald ich eine neue Story beginne, kenne ich das Ende ja schon, allerdings versuche ich die Spannung bis zum Ende aufrecht zu halten und freue mich, wenn mir ein Schluss gelingt, der unvorhersehbar ist, wie bei &#8222;Verschwunden&#8220; beziehungsweise &#8222;Spiel, Satz und Sieg &#8211; f\u00fcr die Dame&#8220;. Der letzte Punkt ist immer eine ungeheure Erleichterung, aber auch eine gro\u00dfe Freude, etwas geschaffen zu haben.<\/p>\n<p><em>Eine Frage, die f\u00fcr Nichtautoren immer interessant ist, ist die Frage nach den Ideen. Wie &#8222;erarbeiten&#8220; Sie sich den Stoff f\u00fcr Ihre B\u00fccher?<\/em><\/p>\n<p><strong>B\u00fccker:<\/strong> Diese Frage wird mir bei Lesungen immer gestellt. Es h\u00f6rt sich merkw\u00fcrdig an, wenn ich dann erz\u00e4hle, dass ich die besten Ideen beim B\u00fcgeln, der Gartenarbeit oder w\u00e4hrend des Autofahrens habe. Es sind meine Gedanken, die bei solch eint\u00f6nigen T\u00e4tigkeiten abschweifen und Ideen, die mir einfach zufliegen. So hatte ich k\u00fcrzlich eine Illusion, als ich vor der roten Ampel stand und wartete. Was da alles passieren kann . . . Die Szene baue ich \u00fcbrigens in meinem n\u00e4chsten Buch, dem Orientthriller, ein.<\/p>\n<p><em>Wie viel davon ist Recherchearbeit?<\/em><\/p>\n<p><strong>B\u00fccker:<\/strong> Gedanken und Ideen sammele ich auf Reisen und habe einem extra Ordner daf\u00fcr angelegt. Inwieweit ich sie in den jeweiligen Krimis aufnehme, h\u00e4ngt vom Inhalt des Buches ab. Meist sehe ich eine Situation, sei sie noch so banal, und denke dann: Das ist es, daraus kannst du eine spannende Situation zaubern. Ben\u00f6tige ich spezielle Kenntnisse, befrage ich Mr. Google oder Bekannte. Eine Freundin von mir ist bei der Kripo, eine andere ist \u00c4rztin.<\/p>\n<p><em>Ihre Hauptdarstellerin ist nun schon mehrmals eine starke Frau gewesen. Warum ist Ihnen dies wichtig?<\/em><\/p>\n<p><strong>B\u00fccker:<\/strong> Ich selbst musste mich in einem M\u00e4nnerberuf durchsetzen. Das bedeutete stets: St\u00e4rke beweisen, Mut zeigen, keine Schw\u00e4chen eingestehen, Entscheidungen treffen und auch dazu stehen. Das alles projiziere ich auf meine Protagonistinnen. W\u00e4hrend ich schreibe, werde ich zu meiner Hauptdarstellerin und stelle mir vor: Wie w\u00fcrdest du selbst in dieser Situation handeln, was w\u00fcrdest du tun, wenn du in dergleichen Lage w\u00e4rst? Es ist mir wichtig, dass meine M\u00e4dels Intelligenz zeigen, wir Frauen sind nicht dumm, im Gegenteil . . .<\/p>\n<p><em>Es ist zu lesen, dass im aktuellen Buch &#8222;Spiel, Satz und Sieg &#8211; f\u00fcr die Dame&#8220; am Ende keine endg\u00fcltige Aufl\u00f6sung zu erwarten ist. Sie lassen es spannend, arbeiten aber schon an der Fortsetzung. Werden Sie uns am Dienstag nach der Lesung ein bisschen verraten, wie es weiter geht?<\/em><\/p>\n<p><strong>B\u00fccker:<\/strong> Die Fortsetzung von &#8222;Spiel, Satz und Sieg &#8211; f\u00fcr die Dame&#8220;, mit dem Titel: &#8222;Der kalte Hauch der Rache&#8220; erscheint im Dezember. Ich habe vor, auch eine kleine Kostprobe aus dem neuen Buch vorzulesen. Da mir die Protagonistinnen so ans Herz gewachsen sind, wird es vielleicht noch eine Fortsetzung geben. Sie sehen, meine Ideen gehen nicht aus. Im Gegenteil, es werden immer mehr, und meine Schreibsucht nimmt t\u00e4glich zu.<strong>Merzig.<\/strong> Am morgigen Dienstag, 27. November, um 19 Uhr liest die Autorin Heidrun B\u00fccker im Rahmen des Literaturfestivals im Gr\u00fcnen Kreis aus ihrem aktuellen Buch &#8222;Spiel, Satz und Sieg &#8211; f\u00fcr die Dame&#8220;. Der spannende Thriller erschien Ende 2011 und handelt von einer jungen Frau, Julia, die nach der Ermordung ihrer geliebten Familie einer mysteri\u00f6sen Untergrundorganisation beitritt. Sie bei\u00dft sich durch die harte Ausbildung der Spezialeinheit, die im geheimen Auftrag der Staatsanwaltschaft arbeitet.<\/p>\n<p>Vier Jahre sp\u00e4ter ereignet sich ein r\u00e4tselhafter Mord. Eine Kronzeugin wird erschossen, und Julia erkennt, dass sie Teil eines gef\u00e4hrlichen Spiels geworden ist.<\/p>\n<p>Dieses Buch ist das vierte von Heidrun B\u00fccker, die aber schon flei\u00dfig an den n\u00e4chsten Manuskripten arbeitet. In recht kurzen Abst\u00e4nden legt sie neue B\u00fccher vor. Dabei ist sie erst nach dem &#8222;ersten Berufsleben&#8220; zur Autorin geworden. B\u00fccker, die 1953 geboren wurde, lebt mit ihrem Mann und den erwachsenen T\u00f6chtern in Dorsten. Sie hat Architektur studiert und sich mit ihrem Mann in diesem Bereich selbstst\u00e4ndig gemacht. Mittlerweile haben die T\u00f6chter das B\u00fcro der Eltern \u00fcbernommen. Das bot Heidrun B\u00fccker vor ein paar Jahren die M\u00f6glichkeit, sich mehr und mehr zur\u00fcckzuziehen und ihren lang gehegten Traum zu verwirklichen: Thriller und Krimis zu schreiben. <em>syr<\/em><\/p>\n<p>Die Lesung im Kreiskulturzentrum Villa Fuchs in Merzig beginnt am morgigen Dienstag, 27. November, um 19 Uhr. Die Karten kosten zw\u00f6lf Euro. Weitere Informationen: Kreiskulturzentrum Villa Fuchs, Bahnhofstra\u00dfe 25, Merzig, Tel. (0 68 61) 9 36 70 oder per E-Mail: info@villa-fuchs.de.<\/p>\n<p><a href=\"http:\/\/www.villa-fuchs.de\">www.villa-fuchs.de<\/a><\/p>\n<p><em>&#8222;Bislang ist noch niemand w\u00e4hrend einer Lesung eingeschlafen.&#8220;<\/em><\/p>\n<p><em>Heidrun B\u00fccker<\/em><\/p>\n<p>&nbsp;<\/p>\n<p><a href=\"http:\/\/www.heidrun-buecker.de\/wp-content\/uploads\/2010\/09\/Lesung-23.03.-Wulfen-001.jpg\"><img loading=\"lazy\" class=\"alignleft  wp-image-356\" title=\"Lesung 23.03. Wulfen 001\" alt=\"\" src=\"http:\/\/www.heidrun-buecker.de\/wp-content\/uploads\/2010\/09\/Lesung-23.03.-Wulfen-001-481x1024.jpg\" width=\"457\" height=\"911\" \/><\/a><\/p>\n<p>&nbsp;<\/p>\n<p><img loading=\"lazy\" class=\"alignnone  wp-image-28\" title=\"Presse(2)\" alt=\"\" src=\"http:\/\/www.heidrun-buecker.de\/wp-content\/uploads\/2010\/09\/Presse2-635x1024.jpg\" width=\"570\" height=\"845\" \/><\/p>\n<p><a href=\"http:\/\/www.heidrun-buecker.de\/wp-content\/uploads\/2010\/09\/20120323-Heidrun-B\u00fccker-Buchlesung-im-GHW-361.jpg\"><img loading=\"lazy\" class=\"alignleft size-large wp-image-359\" title=\"Heidrun B\u00fccker - Buchlesung im Gemeiinschaftshaus Wulfen\" alt=\"\" src=\"http:\/\/www.heidrun-buecker.de\/wp-content\/uploads\/2010\/09\/20120323-Heidrun-B\u00fccker-Buchlesung-im-GHW-361-1024x502.jpg\" width=\"531\" height=\"278\" \/><\/a><\/p>\n<p>Lesung im Gemeinschaftshaus Wulfen<a href=\"http:\/\/www.heidrun-buecker.de\/wp-content\/uploads\/2010\/09\/Presse-CBN-0031.jpg\"><img loading=\"lazy\" class=\"alignleft size-large wp-image-319\" title=\"Presse CBN 003\" alt=\"\" src=\"http:\/\/www.heidrun-buecker.de\/wp-content\/uploads\/2010\/09\/Presse-CBN-0031-744x1024.jpg\" width=\"568\" height=\"796\" \/><\/a><\/p>\n<p><a href=\"http:\/\/www.heidrun-buecker.de\/wp-content\/uploads\/2010\/09\/Artikel-Dorstener-21.12.111.jpg\"><img loading=\"lazy\" class=\"alignnone size-full wp-image-302\" title=\"Artikel Dorstener 21.12.11\" alt=\"\" src=\"http:\/\/www.heidrun-buecker.de\/wp-content\/uploads\/2010\/09\/Artikel-Dorstener-21.12.111.jpg\" width=\"595\" height=\"1412\" \/><\/a><\/p>\n<p><a href=\"http:\/\/www.heidrun-buecker.de\/wp-content\/uploads\/2010\/09\/Presse3.jpg\"><img loading=\"lazy\" class=\"alignnone size-large wp-image-27\" title=\"Presse(3)\" alt=\"\" src=\"http:\/\/www.heidrun-buecker.de\/wp-content\/uploads\/2010\/09\/Presse3-1024x937.jpg\" width=\"570\" height=\"520\" \/><\/a><\/p>\n","protected":false},"excerpt":{"rendered":"<p>&nbsp; &nbsp; &nbsp; &nbsp; &nbsp; &nbsp; &nbsp; &nbsp; &nbsp; &nbsp; &nbsp; &nbsp; Lesung\u00a0 in Dorsten\u00a0\u00a0 &#8211;\u00a0\u00a0 mit Sektempfang &nbsp; &nbsp; &nbsp; &nbsp; &nbsp; &nbsp; &nbsp; &nbsp; &nbsp; &nbsp; &nbsp; &nbsp; &nbsp; &nbsp; &nbsp; &nbsp; &nbsp; &nbsp; &nbsp; &nbsp; &nbsp; &nbsp; &nbsp; &nbsp; &nbsp; &nbsp; &nbsp; &nbsp; &nbsp; Dorstener Zeitung\u00a0 Programm der Frauenkulturtage Lesung von &#8222;Gnadenlos&#8220;\u00a0 [&hellip;]<\/p>\n","protected":false},"author":1,"featured_media":0,"parent":0,"menu_order":0,"comment_status":"closed","ping_status":"closed","template":"","meta":[],"_links":{"self":[{"href":"http:\/\/www.heidrun-buecker.de\/index.php?rest_route=\/wp\/v2\/pages\/14"}],"collection":[{"href":"http:\/\/www.heidrun-buecker.de\/index.php?rest_route=\/wp\/v2\/pages"}],"about":[{"href":"http:\/\/www.heidrun-buecker.de\/index.php?rest_route=\/wp\/v2\/types\/page"}],"author":[{"embeddable":true,"href":"http:\/\/www.heidrun-buecker.de\/index.php?rest_route=\/wp\/v2\/users\/1"}],"replies":[{"embeddable":true,"href":"http:\/\/www.heidrun-buecker.de\/index.php?rest_route=%2Fwp%2Fv2%2Fcomments&post=14"}],"version-history":[{"count":91,"href":"http:\/\/www.heidrun-buecker.de\/index.php?rest_route=\/wp\/v2\/pages\/14\/revisions"}],"predecessor-version":[{"id":16,"href":"http:\/\/www.heidrun-buecker.de\/index.php?rest_route=\/wp\/v2\/pages\/14\/revisions\/16"}],"wp:attachment":[{"href":"http:\/\/www.heidrun-buecker.de\/index.php?rest_route=%2Fwp%2Fv2%2Fmedia&parent=14"}],"curies":[{"name":"wp","href":"https:\/\/api.w.org\/{rel}","templated":true}]}}